{"id":29129,"date":"2022-03-21T17:26:05","date_gmt":"2022-03-21T17:26:05","guid":{"rendered":"https:\/\/blog.medel.pro\/med-el-lanza-nuevo-protocolo-de-directrices-para-candidatos-y-usuarios-de-implante-coclear\/"},"modified":"2023-03-08T14:52:51","modified_gmt":"2023-03-08T14:52:51","slug":"med-el-lanza-nuevo-protocolo-de-directrices-para-candidatos-y-usuarios-de-implante-coclear","status":"publish","type":"page","link":"https:\/\/blog.medel.pro\/latam\/med-el-lanza-nuevo-protocolo-de-directrices-para-candidatos-y-usuarios-de-implante-coclear\/","title":{"rendered":"MED-EL lanza nuevo Protocolo de Directrices para Candidatos  y Usuarios de Implante Coclear."},"content":{"rendered":"<p>El nuevo protocolo es una gu\u00eda para profesionales que trabajan con usuarios de implante coclear y busca estandarizar el proceso de evaluaci\u00f3n, programaci\u00f3n y monitoreo de pacientes con implantes cocleares, en t\u00e9rminos audiol\u00f3gicos y de la rehabilitaci\u00f3n auditiva.<\/p>\n<p>La gu\u00eda est\u00e1 orientada a todos los profesionales cl\u00ednicos que son parte de los equipos interdisciplinarios que trabajan con implante coclear, es decir: otorrinolaring\u00f3logos, ot\u00f3logos, audi\u00f3logos, neur\u00f3logos, pediatras, enfermeras, profesores para sordos, fonoaudi\u00f3logos, terapeutas en rehabilitaci\u00f3n auditiva, entre otros.<\/p>\n<p>El protocolo fue estructurado con la definici\u00f3n de 3 etapas, marcadas por la realizaci\u00f3n de una cirug\u00eda de implante coclear. La Etapa prequir\u00fargica, la etapa quir\u00fargica y la etapa post quir\u00fargica. Cada una incluye objetivos y procedimientos espec\u00edficos para el \u00e1rea m\u00e9dica, audiol\u00f3gica y de rehabilitaci\u00f3n.<\/p>\n<p>Las bases de investigaci\u00f3n se focalizaron en protocolos internacionales, experiencias de los profesionales que utilizan a MED-EL en casos cl\u00ednicos de investigaci\u00f3n, grupos de usuarios de soluciones auditivas y el equipo de desarrollo de MED-EL con experiencia de m\u00e1s de 20 a\u00f1os.<\/p>\n<p><em>(Gifford, R., 2013; Hearring Group, 2017; Manrique, M., 2006; Cochlear Implants: Working Group on Cochlear Implants, 2003; Food and Drug Administration Staff, 2014).<\/em> Junto a esto, se incluye la revisi\u00f3n de literatura cient\u00edfica actualizada para cada etapa.<\/p>\n<p>Es importante destacar que la literatura refiere la necesidad de estructurar y actualizar las gu\u00edas cl\u00ednicas y de protocolos, debido a los cambios de tecnolog\u00eda y ampliaci\u00f3n de los criterios de candidatura desde los a\u00f1os 80 con el implante coclear. <em>(Madell et al. 2019). <\/em><\/p>\n<p>Las candidaturas se encuentran definidas y son citadas en el Protocolo creado por MED-EL para Latinoam\u00e9rica. En ese sentido, es importante resaltar que este Protocolo entrega directrices que permiten el seguimiento a largo plazo de los usuarios de implante coclear.<\/p>\n<p>Esta gu\u00eda fue creada por profesionales de MED-EL, validado por profesionales externos quienes, a trav\u00e9s de una rigurosa investigaci\u00f3n cient\u00edfica, evaluaron la opini\u00f3n de expertos para determinar la ausencia y consistencia de este protocolo y as\u00ed determinar las directrices exactas para los profesionales de la audici\u00f3n con usuarios de implante coclear.<\/p>\n<p>Romina Piccione, directora de Rehabilitaci\u00f3n de MED-EL Latinoam\u00e9rica y Andrea Bravo, directora Cl\u00ednica de MED-EL para la Zona Norte de Latinoam\u00e9rica, realizaron esta gu\u00eda para los profesionales. Una vez desarrollado el documento, academias como la Universidad del Desarrollo con la Carrera de Fonoaudiolog\u00eda y del Centro de Investigaci\u00f3n de la Audici\u00f3n, los Sentidos y la Comunicaci\u00f3n (CESCO), validaron los contenidos propuestos. Cabe destacar que CESCO ha participado en la validaci\u00f3n del instrumento <em>HearWho<\/em> de la Organizaci\u00f3n Mundial de la Salud.<\/p>\n<p>&nbsp;<\/p>\n<p>Si quiere acceder al Protocolo de Directrices para Candidatos y Usuarios de Implante Coclear de MED-EL puede escribir al correo electr\u00f3nico <a href=\"mailto:rehabilitacion@medel.com\">rehabilitacion@medel.com<\/a> y realizar la solicitud, acreditando su trabajo con candidatos de MED-EL.<\/p>\n","protected":false},"excerpt":{"rendered":"<p>El nuevo protocolo es una gu\u00eda para profesionales que trabajan con usuarios de implante coclear y busca estandarizar el proceso de evaluaci\u00f3n, programaci\u00f3n y monitoreo de pacientes con implantes cocleares, en t\u00e9rminos audiol\u00f3gicos y de la rehabilitaci\u00f3n auditiva. La gu\u00eda est\u00e1 orientada a todos los profesionales cl\u00ednicos que son parte de los equipos interdisciplinarios que [&hellip;]<\/p>\n","protected":false},"author":8,"featured_media":29130,"parent":0,"menu_order":0,"comment_status":"closed","ping_status":"open","template":"templates\/page-template.php","meta":{"footnotes":""},"class_list":["post-29129","page","type-page","status-publish","has-post-thumbnail","hentry"],"acf":[],"yoast_head":"<!-- This site is optimized with the Yoast SEO plugin v27.2 - https:\/\/yoast.com\/product\/yoast-seo-wordpress\/ -->\n<title>MED-EL lanza nuevo Protocolo de Directrices para Candidatos y Usuarios de Implante Coclear. - MED-EL Professionals Blog<\/title>\n<meta name=\"robots\" content=\"index, follow, max-snippet:-1, max-image-preview:large, max-video-preview:-1\" \/>\n<link rel=\"canonical\" href=\"https:\/\/blog.medel.pro\/latam\/med-el-lanza-nuevo-protocolo-de-directrices-para-candidatos-y-usuarios-de-implante-coclear\/\" \/>\n<meta property=\"og:locale\" content=\"es_ES\" \/>\n<meta property=\"og:type\" content=\"article\" \/>\n<meta property=\"og:title\" content=\"MED-EL lanza nuevo Protocolo de Directrices para Candidatos y Usuarios de Implante Coclear. - MED-EL Professionals Blog\" \/>\n<meta property=\"og:description\" content=\"El nuevo protocolo es una gu\u00eda para profesionales que trabajan con usuarios de implante coclear y busca estandarizar el proceso de evaluaci\u00f3n, programaci\u00f3n y monitoreo de pacientes con implantes cocleares, en t\u00e9rminos audiol\u00f3gicos y de la rehabilitaci\u00f3n auditiva. La gu\u00eda est\u00e1 orientada a todos los profesionales cl\u00ednicos que son parte de los equipos interdisciplinarios que [&hellip;]\" \/>\n<meta property=\"og:url\" content=\"https:\/\/blog.medel.pro\/latam\/med-el-lanza-nuevo-protocolo-de-directrices-para-candidatos-y-usuarios-de-implante-coclear\/\" \/>\n<meta property=\"og:site_name\" content=\"MED-EL Professionals Blog\" \/>\n<meta property=\"article:modified_time\" content=\"2023-03-08T14:52:51+00:00\" \/>\n<meta property=\"og:image\" content=\"https:\/\/blog.medel.pro\/wp-content\/uploads\/2023\/03\/veer_ojp0016482.jpg\" \/>\n\t<meta property=\"og:image:width\" content=\"533\" \/>\n\t<meta property=\"og:image:height\" content=\"400\" \/>\n\t<meta property=\"og:image:type\" content=\"image\/jpeg\" \/>\n<meta name=\"twitter:card\" content=\"summary_large_image\" \/>\n<meta name=\"twitter:site\" content=\"@medel\" \/>\n<meta name=\"twitter:label1\" content=\"Est. reading time\" \/>\n\t<meta name=\"twitter:data1\" content=\"2 minutes\" \/>\n<script type=\"application\/ld+json\" class=\"yoast-schema-graph\">{\"@context\":\"https:\/\/schema.org\",\"@graph\":[{\"@type\":\"WebPage\",\"@id\":\"https:\/\/blog.medel.pro\/latam\/med-el-lanza-nuevo-protocolo-de-directrices-para-candidatos-y-usuarios-de-implante-coclear\/\",\"url\":\"https:\/\/blog.medel.pro\/latam\/med-el-lanza-nuevo-protocolo-de-directrices-para-candidatos-y-usuarios-de-implante-coclear\/\",\"name\":\"MED-EL lanza nuevo Protocolo de Directrices para Candidatos y Usuarios de Implante Coclear. - MED-EL Professionals Blog\",\"isPartOf\":{\"@id\":\"https:\/\/blog.medel.pro\/de\/#website\"},\"primaryImageOfPage\":{\"@id\":\"https:\/\/blog.medel.pro\/latam\/med-el-lanza-nuevo-protocolo-de-directrices-para-candidatos-y-usuarios-de-implante-coclear\/#primaryimage\"},\"image\":{\"@id\":\"https:\/\/blog.medel.pro\/latam\/med-el-lanza-nuevo-protocolo-de-directrices-para-candidatos-y-usuarios-de-implante-coclear\/#primaryimage\"},\"thumbnailUrl\":\"https:\/\/blog.medel.pro\/wp-content\/uploads\/2023\/03\/veer_ojp0016482.jpg\",\"datePublished\":\"2022-03-21T17:26:05+00:00\",\"dateModified\":\"2023-03-08T14:52:51+00:00\",\"breadcrumb\":{\"@id\":\"https:\/\/blog.medel.pro\/latam\/med-el-lanza-nuevo-protocolo-de-directrices-para-candidatos-y-usuarios-de-implante-coclear\/#breadcrumb\"},\"inLanguage\":\"es\",\"potentialAction\":[{\"@type\":\"ReadAction\",\"target\":[\"https:\/\/blog.medel.pro\/latam\/med-el-lanza-nuevo-protocolo-de-directrices-para-candidatos-y-usuarios-de-implante-coclear\/\"]}]},{\"@type\":\"ImageObject\",\"inLanguage\":\"es\",\"@id\":\"https:\/\/blog.medel.pro\/latam\/med-el-lanza-nuevo-protocolo-de-directrices-para-candidatos-y-usuarios-de-implante-coclear\/#primaryimage\",\"url\":\"https:\/\/blog.medel.pro\/wp-content\/uploads\/2023\/03\/veer_ojp0016482.jpg\",\"contentUrl\":\"https:\/\/blog.medel.pro\/wp-content\/uploads\/2023\/03\/veer_ojp0016482.jpg\",\"width\":533,\"height\":400},{\"@type\":\"BreadcrumbList\",\"@id\":\"https:\/\/blog.medel.pro\/latam\/med-el-lanza-nuevo-protocolo-de-directrices-para-candidatos-y-usuarios-de-implante-coclear\/#breadcrumb\",\"itemListElement\":[{\"@type\":\"ListItem\",\"position\":1,\"name\":\"Home\",\"item\":\"https:\/\/blog.medel.pro\/latam\/\"},{\"@type\":\"ListItem\",\"position\":2,\"name\":\"MED-EL lanza nuevo Protocolo de Directrices para Candidatos y Usuarios de Implante Coclear.\"}]},{\"@type\":\"WebSite\",\"@id\":\"https:\/\/blog.medel.pro\/de\/#website\",\"url\":\"https:\/\/blog.medel.pro\/de\/\",\"name\":\"MED-EL Professionals Blog\",\"description\":\"\",\"publisher\":{\"@id\":\"https:\/\/blog.medel.pro\/de\/#organization\"},\"potentialAction\":[{\"@type\":\"SearchAction\",\"target\":{\"@type\":\"EntryPoint\",\"urlTemplate\":\"https:\/\/blog.medel.pro\/de\/?s={search_term_string}\"},\"query-input\":{\"@type\":\"PropertyValueSpecification\",\"valueRequired\":true,\"valueName\":\"search_term_string\"}}],\"inLanguage\":\"es\"},{\"@type\":\"Organization\",\"@id\":\"https:\/\/blog.medel.pro\/de\/#organization\",\"name\":\"MED-EL Professionals Blog\",\"url\":\"https:\/\/blog.medel.pro\/de\/\",\"logo\":{\"@type\":\"ImageObject\",\"inLanguage\":\"es\",\"@id\":\"https:\/\/blog.medel.pro\/de\/#\/schema\/logo\/image\/\",\"url\":\"https:\/\/blog.medel.pro\/wp-content\/uploads\/2023\/05\/MED-EL_RGB_Red_Symbol.jpg\",\"contentUrl\":\"https:\/\/blog.medel.pro\/wp-content\/uploads\/2023\/05\/MED-EL_RGB_Red_Symbol.jpg\",\"width\":200,\"height\":200,\"caption\":\"MED-EL Professionals Blog\"},\"image\":{\"@id\":\"https:\/\/blog.medel.pro\/de\/#\/schema\/logo\/image\/\"},\"sameAs\":[\"https:\/\/x.com\/medel\"]}]}<\/script>\n<!-- \/ Yoast SEO plugin. -->","yoast_head_json":{"title":"MED-EL lanza nuevo Protocolo de Directrices para Candidatos y Usuarios de Implante Coclear. - MED-EL Professionals Blog","robots":{"index":"index","follow":"follow","max-snippet":"max-snippet:-1","max-image-preview":"max-image-preview:large","max-video-preview":"max-video-preview:-1"},"canonical":"https:\/\/blog.medel.pro\/latam\/med-el-lanza-nuevo-protocolo-de-directrices-para-candidatos-y-usuarios-de-implante-coclear\/","og_locale":"es_ES","og_type":"article","og_title":"MED-EL lanza nuevo Protocolo de Directrices para Candidatos y Usuarios de Implante Coclear. - MED-EL Professionals Blog","og_description":"El nuevo protocolo es una gu\u00eda para profesionales que trabajan con usuarios de implante coclear y busca estandarizar el proceso de evaluaci\u00f3n, programaci\u00f3n y monitoreo de pacientes con implantes cocleares, en t\u00e9rminos audiol\u00f3gicos y de la rehabilitaci\u00f3n auditiva. La gu\u00eda est\u00e1 orientada a todos los profesionales cl\u00ednicos que son parte de los equipos interdisciplinarios que [&hellip;]","og_url":"https:\/\/blog.medel.pro\/latam\/med-el-lanza-nuevo-protocolo-de-directrices-para-candidatos-y-usuarios-de-implante-coclear\/","og_site_name":"MED-EL Professionals Blog","article_modified_time":"2023-03-08T14:52:51+00:00","og_image":[{"width":533,"height":400,"url":"https:\/\/blog.medel.pro\/wp-content\/uploads\/2023\/03\/veer_ojp0016482.jpg","type":"image\/jpeg"}],"twitter_card":"summary_large_image","twitter_site":"@medel","twitter_misc":{"Est. reading time":"2 minutes"},"schema":{"@context":"https:\/\/schema.org","@graph":[{"@type":"WebPage","@id":"https:\/\/blog.medel.pro\/latam\/med-el-lanza-nuevo-protocolo-de-directrices-para-candidatos-y-usuarios-de-implante-coclear\/","url":"https:\/\/blog.medel.pro\/latam\/med-el-lanza-nuevo-protocolo-de-directrices-para-candidatos-y-usuarios-de-implante-coclear\/","name":"MED-EL lanza nuevo Protocolo de Directrices para Candidatos y Usuarios de Implante Coclear. - MED-EL Professionals Blog","isPartOf":{"@id":"https:\/\/blog.medel.pro\/de\/#website"},"primaryImageOfPage":{"@id":"https:\/\/blog.medel.pro\/latam\/med-el-lanza-nuevo-protocolo-de-directrices-para-candidatos-y-usuarios-de-implante-coclear\/#primaryimage"},"image":{"@id":"https:\/\/blog.medel.pro\/latam\/med-el-lanza-nuevo-protocolo-de-directrices-para-candidatos-y-usuarios-de-implante-coclear\/#primaryimage"},"thumbnailUrl":"https:\/\/blog.medel.pro\/wp-content\/uploads\/2023\/03\/veer_ojp0016482.jpg","datePublished":"2022-03-21T17:26:05+00:00","dateModified":"2023-03-08T14:52:51+00:00","breadcrumb":{"@id":"https:\/\/blog.medel.pro\/latam\/med-el-lanza-nuevo-protocolo-de-directrices-para-candidatos-y-usuarios-de-implante-coclear\/#breadcrumb"},"inLanguage":"es","potentialAction":[{"@type":"ReadAction","target":["https:\/\/blog.medel.pro\/latam\/med-el-lanza-nuevo-protocolo-de-directrices-para-candidatos-y-usuarios-de-implante-coclear\/"]}]},{"@type":"ImageObject","inLanguage":"es","@id":"https:\/\/blog.medel.pro\/latam\/med-el-lanza-nuevo-protocolo-de-directrices-para-candidatos-y-usuarios-de-implante-coclear\/#primaryimage","url":"https:\/\/blog.medel.pro\/wp-content\/uploads\/2023\/03\/veer_ojp0016482.jpg","contentUrl":"https:\/\/blog.medel.pro\/wp-content\/uploads\/2023\/03\/veer_ojp0016482.jpg","width":533,"height":400},{"@type":"BreadcrumbList","@id":"https:\/\/blog.medel.pro\/latam\/med-el-lanza-nuevo-protocolo-de-directrices-para-candidatos-y-usuarios-de-implante-coclear\/#breadcrumb","itemListElement":[{"@type":"ListItem","position":1,"name":"Home","item":"https:\/\/blog.medel.pro\/latam\/"},{"@type":"ListItem","position":2,"name":"MED-EL lanza nuevo Protocolo de Directrices para Candidatos y Usuarios de Implante Coclear."}]},{"@type":"WebSite","@id":"https:\/\/blog.medel.pro\/de\/#website","url":"https:\/\/blog.medel.pro\/de\/","name":"MED-EL Professionals Blog","description":"","publisher":{"@id":"https:\/\/blog.medel.pro\/de\/#organization"},"potentialAction":[{"@type":"SearchAction","target":{"@type":"EntryPoint","urlTemplate":"https:\/\/blog.medel.pro\/de\/?s={search_term_string}"},"query-input":{"@type":"PropertyValueSpecification","valueRequired":true,"valueName":"search_term_string"}}],"inLanguage":"es"},{"@type":"Organization","@id":"https:\/\/blog.medel.pro\/de\/#organization","name":"MED-EL Professionals Blog","url":"https:\/\/blog.medel.pro\/de\/","logo":{"@type":"ImageObject","inLanguage":"es","@id":"https:\/\/blog.medel.pro\/de\/#\/schema\/logo\/image\/","url":"https:\/\/blog.medel.pro\/wp-content\/uploads\/2023\/05\/MED-EL_RGB_Red_Symbol.jpg","contentUrl":"https:\/\/blog.medel.pro\/wp-content\/uploads\/2023\/05\/MED-EL_RGB_Red_Symbol.jpg","width":200,"height":200,"caption":"MED-EL Professionals Blog"},"image":{"@id":"https:\/\/blog.medel.pro\/de\/#\/schema\/logo\/image\/"},"sameAs":["https:\/\/x.com\/medel"]}]}},"_links":{"self":[{"href":"https:\/\/blog.medel.pro\/latam\/wp-json\/wp\/v2\/pages\/29129","targetHints":{"allow":["GET"]}}],"collection":[{"href":"https:\/\/blog.medel.pro\/latam\/wp-json\/wp\/v2\/pages"}],"about":[{"href":"https:\/\/blog.medel.pro\/latam\/wp-json\/wp\/v2\/types\/page"}],"author":[{"embeddable":true,"href":"https:\/\/blog.medel.pro\/latam\/wp-json\/wp\/v2\/users\/8"}],"replies":[{"embeddable":true,"href":"https:\/\/blog.medel.pro\/latam\/wp-json\/wp\/v2\/comments?post=29129"}],"version-history":[{"count":1,"href":"https:\/\/blog.medel.pro\/latam\/wp-json\/wp\/v2\/pages\/29129\/revisions"}],"predecessor-version":[{"id":29138,"href":"https:\/\/blog.medel.pro\/latam\/wp-json\/wp\/v2\/pages\/29129\/revisions\/29138"}],"wp:featuredmedia":[{"embeddable":true,"href":"https:\/\/blog.medel.pro\/latam\/wp-json\/wp\/v2\/media\/29130"}],"wp:attachment":[{"href":"https:\/\/blog.medel.pro\/latam\/wp-json\/wp\/v2\/media?parent=29129"}],"curies":[{"name":"wp","href":"https:\/\/api.w.org\/{rel}","templated":true}]}}